{"id":1487,"date":"2021-09-15T20:18:03","date_gmt":"2021-09-15T20:18:03","guid":{"rendered":"http:\/\/www.lctouroperator.com\/pt\/?page_id=1487"},"modified":"2022-03-11T11:49:19","modified_gmt":"2022-03-11T11:49:19","slug":"o-melhor-de-america-latina","status":"publish","type":"page","link":"https:\/\/www.lctouroperator.com\/pt\/o-melhor-de-america-latina\/","title":{"rendered":"O melhor da Am\u00e9rica Latina"},"content":{"rendered":"<div class=\"wp-block-cover is-light editorskit-no-desktop editorskit-no-tablet has-mobile-text-align-center has-ek-typography\" style=\"min-height:720px;--ek-font-family:&apos;Abril Fatface&apos;, cursive;aspect-ratio:unset;\"><span aria-hidden=\"true\" class=\"has-background-dim-20 wp-block-cover__gradient-background has-background-dim\"><\/span><video class=\"wp-block-cover__video-background intrinsic-ignore\" autoplay muted loop playsinline src=\"http:\/\/www.lctouroperator.com\/pt\/wp-content\/uploads\/2021\/11\/PatagoniaMOBILE2.mp4\" data-object-fit=\"cover\"><\/video><div class=\"wp-block-cover__inner-container is-layout-flow wp-block-cover-is-layout-flow\"><p class=\"has-text-align-center has-text-color has-ek-typography\" style=\"color:#ffffff;font-size:45px;--ek-font-family:'Raleway', sans-serif;--ek-font-weight:700\"><strong>O melhor de <\/strong><br><strong>Am\u00e9rica Latina<\/strong><\/p>\n\n<h2 class=\"has-text-align-center has-ast-global-color-5-color has-text-color has-ek-typography wp-block-heading\" id=\"percursos-escolhidos-por-especialistas-experiencias-unicas-em-uma-natura-sorprendente-e-variada-riqueza-cultural\" style=\"--ek-heading-font-family:'Lato', sans-serif;--ek-heading-font-weight:400\">Percursos escolhidos por especialistas. Experi\u00eancias \u00fanicas em uma natureza surpreendente e variadas riquezas naturais.<\/h2><\/div><\/div><div class=\"wp-block-cover is-light editorskit-no-tablet editorskit-no-mobile has-mobile-text-align-center has-ek-typography\" style=\"min-height:720px;--ek-font-family:&apos;Abril Fatface&apos;, cursive;aspect-ratio:unset;\"><span aria-hidden=\"true\" class=\"has-background-dim-20 wp-block-cover__gradient-background has-background-dim\"><\/span><video class=\"wp-block-cover__video-background intrinsic-ignore\" autoplay muted loop playsinline src=\"http:\/\/www.lctouroperator.com\/pt\/wp-content\/uploads\/2021\/11\/PatagoniaDESKTOP1.mp4\" data-object-fit=\"cover\"><\/video><div class=\"wp-block-cover__inner-container is-layout-flow wp-block-cover-is-layout-flow\"><p class=\"has-text-align-center has-text-color has-ek-typography\" style=\"color:#ffffff;font-size:45px;--ek-font-family:'Lato', sans-serif;--ek-font-weight:900\"><strong>O melhor da Am\u00e9rica Latina<\/strong><\/p>\n\n<h3 class=\"has-text-align-center has-ast-global-color-5-color has-text-color has-ek-typography wp-block-heading\" id=\"percursos-escolhidos-por-especialistas-experiencias-unicas-em-uma-natura-sorprendente-e-variada-riqueza-cultural\" style=\"--ek-heading-font-family:'Lato', sans-serif;--ek-heading-font-weight:400\">Percursos escolhidos por especialistas. Experi\u00eancias \u00fanicas em uma natureza surpreendente e variadas riquezas naturais.<\/h3><\/div><\/div><section class=\"wp-block-uagb-columns uagb-columns__wrap uagb-columns__background-color uagb-columns__stack-mobile uagb-columns__valign-undefined uagb-columns__gap-10 alignundefined uagb-block-3b0ec93b\"><div class=\"uagb-columns__overlay\"><\/div><div class=\"uagb-columns__inner-wrap uagb-columns__columns-4\"><div class=\"wp-block-uagb-column uagb-column__wrap uagb-column__background-color uagb-block-8b2dbae9\"><div class=\"uagb-column__overlay\"><\/div><div class=\"uagb-column__inner-wrap\"><div class=\"wp-block-uagb-info-box uagb-infobox__outer-wrap uagb-block-8bd6f306\"><a href=\"http:\/\/www.lctouroperator.com\/pt\/wp-content\/uploads\/2022\/03\/Cultura-e-fe-em-Cuba-BRIEF-2202Av01.pdf\" class=\"uagb-infobox-link-wrap uagb-infbox__link-to-all\" target=\"_blank\" aria-label=\"Infobox Link\" rel=\"noopener noreferrer\"><\/a><div class=\"uagb-infobox__content-wrap  uagb-infobox_cta-type-all uagb-infobox uagb-infobox-has-image uagb-infobox-icon-above-title uagb-infobox-image-valign-top uagb-infobox-enable-border-radius \"><div class=\"uagb-ifb-left-right-wrap\"><div class=\"uagb-ifb-content\"><div class=\"uagb-ifb-image-icon-content uagb-ifb-imgicon-wrap\"><div class=\"uagb-ifb-image\"><div class=\"uagb-ifb-image-content\"><img decoding=\"async\" class=\"uagb-ifb-img-src\" src=\"http:\/\/www.lctouroperator.com\/pt\/wp-content\/uploads\/2021\/09\/cultura-y-fe-en-cuba.jpg\" alt=\"\"\/><\/div><\/div><\/div><div class=\"uagb-ifb-separator-parent\"><div class=\"uagb-ifb-separator\"><\/div><\/div><div class=\"uagb-ifb-title-wrap\"><span class=\"uagb-ifb-title-prefix\"><strong>Cultura e f\u00e9 em Cuba<\/strong><\/span><h4 class=\"uagb-ifb-title\"> <strong>10 dias 9 noites<\/strong><\/h4><\/div><div class=\"uagb-ifb-text-wrap\"><p class=\"uagb-ifb-desc\">Uma religiosidade tenaz que se manifesta atrav\u00e9s de uma pequena capela, uma igreja que se tornou museu, uma catedral ou uma bas\u00edlica que recuperou ou seu esplendor. Uma viagem em grupo que promete experi\u00eancias incr\u00edveis em meio a uma belissima natureza.<\/p><div class=\"uagb-ifb-cta uagb-infobox-cta-link-style\"><\/div><\/div><\/div><\/div><\/div><\/div>\n\n<p><\/p><\/div><\/div>\n\n<div class=\"wp-block-uagb-column uagb-column__wrap uagb-column__background-color uagb-block-968b618e\"><div class=\"uagb-column__overlay\"><\/div><div class=\"uagb-column__inner-wrap\"><div class=\"wp-block-uagb-info-box uagb-infobox__outer-wrap uagb-block-30591473\"><a href=\"http:\/\/www.lctouroperator.com\/pt\/wp-content\/uploads\/2021\/09\/mergulhe-no-verde.pdf\" class=\"uagb-infobox-link-wrap uagb-infbox__link-to-all\" target=\"_blank\" aria-label=\"Infobox Link\" rel=\"noopener noreferrer\"><\/a><div class=\"uagb-infobox__content-wrap  uagb-infobox_cta-type-all uagb-infobox uagb-infobox-has-image uagb-infobox-icon-above-title uagb-infobox-image-valign-top uagb-infobox-enable-border-radius \"><div class=\"uagb-ifb-left-right-wrap\"><div class=\"uagb-ifb-content\"><div class=\"uagb-ifb-image-icon-content uagb-ifb-imgicon-wrap\"><div class=\"uagb-ifb-image\"><div class=\"uagb-ifb-image-content\"><img decoding=\"async\" class=\"uagb-ifb-img-src\" src=\"http:\/\/www.lctouroperator.com\/pt\/wp-content\/uploads\/2021\/09\/isla-tortuga.jpg\" alt=\"Isla Tortuga\"\/><\/div><\/div><\/div><div class=\"uagb-ifb-separator-parent\"><div class=\"uagb-ifb-separator\"><\/div><\/div><div class=\"uagb-ifb-title-wrap\"><span class=\"uagb-ifb-title-prefix\"><strong>Mergulhe no verde<\/strong><\/span><h4 class=\"uagb-ifb-title\"> <strong>7 dias 6 noites \/ Costa Rica<\/strong><\/h4><\/div><div class=\"uagb-ifb-text-wrap\"><p class=\"uagb-ifb-desc\">Um coquitel regenerador de natureza, hist\u00f3ria, fontes termais, observa\u00e7\u00e3o da fauna e da flora \u00e0 sombra dos vulc\u00f5es submersos na exuberante beleza das matas. Uma proposta imperd\u00edvel de viver experi\u00eancias \u00fanicas em contato com a natureza<\/p><div class=\"uagb-ifb-cta uagb-infobox-cta-link-style\"><\/div><\/div><\/div><\/div><\/div><\/div>\n\n<p><\/p><\/div><\/div>\n\n<div class=\"wp-block-uagb-column uagb-column__wrap uagb-column__background-color uagb-block-799bc1bd\"><div class=\"uagb-column__overlay\"><\/div><div class=\"uagb-column__inner-wrap\"><div class=\"wp-block-uagb-info-box uagb-infobox__outer-wrap uagb-block-338ed0c5\"><a href=\"http:\/\/www.lctouroperator.com\/pt\/wp-content\/uploads\/2022\/03\/Desertos-cheios-de-vida-BRIEF-2202Av01.pdf\" class=\"uagb-infobox-link-wrap uagb-infbox__link-to-all\" target=\"_blank\" aria-label=\"Infobox Link\" rel=\"noopener noreferrer\"><\/a><div class=\"uagb-infobox__content-wrap  uagb-infobox_cta-type-all uagb-infobox uagb-infobox-has-image uagb-infobox-icon-above-title uagb-infobox-image-valign-top uagb-infobox-enable-border-radius \"><div class=\"uagb-ifb-left-right-wrap\"><div class=\"uagb-ifb-content\"><div class=\"uagb-ifb-image-icon-content uagb-ifb-imgicon-wrap\"><div class=\"uagb-ifb-image\"><div class=\"uagb-ifb-image-content\"><img decoding=\"async\" class=\"uagb-ifb-img-src\" src=\"http:\/\/www.lctouroperator.com\/pt\/wp-content\/uploads\/2021\/09\/laguna-colorada.jpg\" alt=\"Laguna Colorada\"\/><\/div><\/div><\/div><div class=\"uagb-ifb-separator-parent\"><div class=\"uagb-ifb-separator\"><\/div><\/div><div class=\"uagb-ifb-title-wrap\"><span class=\"uagb-ifb-title-prefix\"><strong>Desertos cheios de vida<\/strong><\/span><h4 class=\"uagb-ifb-title\"> <strong>8 dias 7 noites \/ Cile-Bol\u00edvia<\/strong><\/h4><\/div><div class=\"uagb-ifb-text-wrap\"><p class=\"uagb-ifb-desc\">Experi\u00eancia \u00fanica no deserto, Contempla\u00e7\u00e3o das paisagens e sons inimagin\u00e1veis: da encantadora Vila de Chiu Chiu, travessia de San Pedro de Atacama no Chile e os desertos de Dal\u00ed e Siloli at\u00e9 o imenso Salar de Uyuni na Bolivia.<\/p><div class=\"uagb-ifb-cta uagb-infobox-cta-link-style\"><\/div><\/div><\/div><\/div><\/div><\/div>\n\n<p><\/p><\/div><\/div>\n\n<div class=\"wp-block-uagb-column uagb-column__wrap uagb-column__background-color uagb-block-d109848b\"><div class=\"uagb-column__overlay\"><\/div><div class=\"uagb-column__inner-wrap\"><div class=\"wp-block-uagb-info-box uagb-infobox__outer-wrap uagb-block-d336e3ee\"><a href=\"http:\/\/www.lctouroperator.com\/pt\/wp-content\/uploads\/2022\/03\/Peninsula-Valdes-e-Bariloche-BRIEF-2202Av01.pdf\" class=\"uagb-infobox-link-wrap uagb-infbox__link-to-all\" target=\"_self\" aria-label=\"Infobox Link\" rel=\"noopener noreferrer\"><\/a><div class=\"uagb-infobox__content-wrap  uagb-infobox_cta-type-all uagb-infobox uagb-infobox-has-image uagb-infobox-icon-above-title uagb-infobox-image-valign-top uagb-infobox-enable-border-radius \"><div class=\"uagb-ifb-left-right-wrap\"><div class=\"uagb-ifb-content\"><div class=\"uagb-ifb-image-icon-content uagb-ifb-imgicon-wrap\"><div class=\"uagb-ifb-image\"><div class=\"uagb-ifb-image-content\"><img decoding=\"async\" class=\"uagb-ifb-img-src\" src=\"http:\/\/www.lctouroperator.com\/pt\/wp-content\/uploads\/2021\/09\/peninsula-valdez-bariloche.jpg\" alt=\"\"\/><\/div><\/div><\/div><div class=\"uagb-ifb-separator-parent\"><div class=\"uagb-ifb-separator\"><\/div><\/div><div class=\"uagb-ifb-title-wrap\"><span class=\"uagb-ifb-title-prefix\"><strong>Peninsula Vald\u00e9s e Bariloche<\/strong><\/span><h4 class=\"uagb-ifb-title\"><strong>7 dias 6 noites \/ Argentina<\/strong><\/h4><\/div><div class=\"uagb-ifb-text-wrap\"><p class=\"uagb-ifb-desc\">Explos\u00e3o de vida e beleza: fant\u00e1stica fauna da Pen\u00ednsula Vald\u00e9s que atinge seu m\u00e1ximo esplendor no final de setembro quando chegam tamb\u00e9m os pinguins. Mas se encante com as baleias brincando nas aguas sem ter que navegar \u2026 O inverno brasileiro \u00e9 a melhor \u00e9poca quando as montanhas de Bariloche est\u00e3o cobertas de neve e a incr\u00edvel temporada de esqui garante experi\u00eancias \u00fanicas.<\/p><div class=\"uagb-ifb-cta uagb-infobox-cta-link-style\"><\/div><\/div><\/div><\/div><\/div><\/div><\/div><\/div><\/div><\/section><section class=\"wp-block-uagb-columns uagb-columns__wrap uagb-columns__background-color uagb-columns__stack-mobile uagb-columns__valign-undefined uagb-columns__gap-10 alignundefined uagb-block-b8109848\"><div class=\"uagb-columns__overlay\"><\/div><div class=\"uagb-columns__inner-wrap uagb-columns__columns-4\"><div class=\"wp-block-uagb-column uagb-column__wrap uagb-column__background-color uagb-block-7b63f18d\"><div class=\"uagb-column__overlay\"><\/div><div class=\"uagb-column__inner-wrap\"><div class=\"wp-block-uagb-info-box uagb-infobox__outer-wrap uagb-block-8f1e9e9f\"><a href=\"http:\/\/www.lctouroperator.com\/pt\/wp-content\/uploads\/2022\/03\/Me\u0301xico-para-descobrir-BRIEF-2202Av01.pdf\" class=\"uagb-infobox-link-wrap uagb-infbox__link-to-all\" target=\"_blank\" aria-label=\"Infobox Link\" rel=\"noopener noreferrer\"><\/a><div class=\"uagb-infobox__content-wrap  uagb-infobox_cta-type-all uagb-infobox uagb-infobox-has-image uagb-infobox-icon-above-title uagb-infobox-image-valign-top uagb-infobox-enable-border-radius \"><div class=\"uagb-ifb-left-right-wrap\"><div class=\"uagb-ifb-content\"><div class=\"uagb-ifb-image-icon-content uagb-ifb-imgicon-wrap\"><div class=\"uagb-ifb-image\"><div class=\"uagb-ifb-image-content\"><img decoding=\"async\" class=\"uagb-ifb-img-src\" src=\"http:\/\/www.lctouroperator.com\/pt\/wp-content\/uploads\/2021\/10\/mexico-para-descobrir.jpg\" alt=\"\"\/><\/div><\/div><\/div><div class=\"uagb-ifb-separator-parent\"><div class=\"uagb-ifb-separator\"><\/div><\/div><div class=\"uagb-ifb-title-wrap\"><span class=\"uagb-ifb-title-prefix\"><strong><strong>M\u00e9xico para descobrir<\/strong><\/strong><\/span><h4 class=\"uagb-ifb-title\"> <strong>8 dias 7 noites<\/strong> \/ M\u00e9xico<\/h4><\/div><div class=\"uagb-ifb-text-wrap\"><p class=\"uagb-ifb-desc\">Uma religiosidade tenaz que se manifesta atrav\u00e9s de uma pequena capela, uma igreja que se tornou museu, uma catedral ou uma bas\u00edlica que recuperou o seu esplendor. Uma viagem em grupo que promete experi\u00eancias incr\u00edveis em meio a uma bel\u00edssima natureza.<\/p><div class=\"uagb-ifb-cta uagb-infobox-cta-link-style\"><\/div><\/div><\/div><\/div><\/div><\/div>\n\n<p><\/p><\/div><\/div>\n\n<div class=\"wp-block-uagb-column uagb-column__wrap uagb-column__background-color uagb-block-c0aedfcb\"><div class=\"uagb-column__overlay\"><\/div><div class=\"uagb-column__inner-wrap\"><div class=\"wp-block-uagb-info-box uagb-infobox__outer-wrap uagb-block-3f3286b5\"><a href=\"http:\/\/www.lctouroperator.com\/pt\/wp-content\/uploads\/2022\/03\/Bogota-joias-caribenhas-e-Tayrona-BRIEF-2202Av01.pdf\" class=\"uagb-infobox-link-wrap uagb-infbox__link-to-all\" target=\"_blank\" aria-label=\"Infobox Link\" rel=\"noopener noreferrer\"><\/a><div class=\"uagb-infobox__content-wrap  uagb-infobox_cta-type-all uagb-infobox uagb-infobox-has-image uagb-infobox-icon-above-title uagb-infobox-image-valign-top uagb-infobox-enable-border-radius \"><div class=\"uagb-ifb-left-right-wrap\"><div class=\"uagb-ifb-content\"><div class=\"uagb-ifb-image-icon-content uagb-ifb-imgicon-wrap\"><div class=\"uagb-ifb-image\"><div class=\"uagb-ifb-image-content\"><img decoding=\"async\" class=\"uagb-ifb-img-src\" src=\"http:\/\/www.lctouroperator.com\/pt\/wp-content\/uploads\/2021\/11\/bogota-joias-caribenhas-e-tayrona.jpg\" alt=\"\"\/><\/div><\/div><\/div><div class=\"uagb-ifb-separator-parent\"><div class=\"uagb-ifb-separator\"><\/div><\/div><div class=\"uagb-ifb-title-wrap\"><span class=\"uagb-ifb-title-prefix\"><strong>Bogot\u00e1, joias caribenhas e Tayrona<\/strong><\/span><h4 class=\"uagb-ifb-title\"> <strong>8 dias 7 noites \/ Colombia<\/strong><\/h4><\/div><div class=\"uagb-ifb-text-wrap\"><p class=\"uagb-ifb-desc\">Bogot\u00e1, a capital nas alturas, Cartagena a rainha do Caribe e Santa Marta, porta de entrada para o Parque Nacional Tayrona, uma viagem pela cultura, hist\u00f3ria a natureza exuberante da Colombia.<\/p><div class=\"uagb-ifb-cta uagb-infobox-cta-link-style\"><\/div><\/div><\/div><\/div><\/div><\/div>\n\n<p><\/p><\/div><\/div>\n\n<div class=\"wp-block-uagb-column uagb-column__wrap uagb-column__background-color uagb-block-21584bc4\"><div class=\"uagb-column__overlay\"><\/div><div class=\"uagb-column__inner-wrap\"><div class=\"wp-block-uagb-info-box uagb-infobox__outer-wrap uagb-block-711a0053\"><a href=\"http:\/\/www.lctouroperator.com\/pt\/wp-content\/uploads\/2022\/03\/Inca-Cristao-BRIEF-2202Av01.pdf\" class=\"uagb-infobox-link-wrap uagb-infbox__link-to-all\" target=\"_blank\" aria-label=\"Infobox Link\" rel=\"noopener noreferrer\"><\/a><div class=\"uagb-infobox__content-wrap  uagb-infobox_cta-type-all uagb-infobox uagb-infobox-has-image uagb-infobox-icon-above-title uagb-infobox-image-valign-top uagb-infobox-enable-border-radius \"><div class=\"uagb-ifb-left-right-wrap\"><div class=\"uagb-ifb-content\"><div class=\"uagb-ifb-image-icon-content uagb-ifb-imgicon-wrap\"><div class=\"uagb-ifb-image\"><div class=\"uagb-ifb-image-content\"><img decoding=\"async\" class=\"uagb-ifb-img-src\" src=\"http:\/\/www.lctouroperator.com\/pt\/wp-content\/uploads\/2021\/11\/inca-cristao.jpg\" alt=\"\"\/><\/div><\/div><\/div><div class=\"uagb-ifb-separator-parent\"><div class=\"uagb-ifb-separator\"><\/div><\/div><div class=\"uagb-ifb-title-wrap\"><span class=\"uagb-ifb-title-prefix\"><strong>Inca &amp; Crist\u00e3o<\/strong><\/span><h4 class=\"uagb-ifb-title\"> <strong>8 dias 7 noites \/ Per\u00fa<\/strong><\/h4><\/div><div class=\"uagb-ifb-text-wrap\"><p class=\"uagb-ifb-desc\">Uma viagem em grupo pelo fascinante mundo inca at\u00e9 o cora\u00e7\u00e3o do catolicismo peruano: Santa Rosa de Lima e San Martin de Porres e a incr\u00edvel hist\u00f3ria de uma simples pintura de uma imagem de Cristo. Tradi\u00e7\u00e3o, mist\u00e9rio, natureza e incr\u00edvel culin\u00e1ria considerada a mais rica e variada da Am\u00e9rica Latina<\/p><div class=\"uagb-ifb-cta uagb-infobox-cta-link-style\"><\/div><\/div><\/div><\/div><\/div><\/div>\n\n<p><\/p><\/div><\/div>\n\n<div class=\"wp-block-uagb-column uagb-column__wrap uagb-column__background-color uagb-block-22d5cf24\"><div class=\"uagb-column__overlay\"><\/div><div class=\"uagb-column__inner-wrap\"><div class=\"wp-block-uagb-info-box uagb-infobox__outer-wrap uagb-block-fa79e037\"><a href=\"http:\/\/www.lctouroperator.com\/pt\/wp-content\/uploads\/2022\/03\/O-melhor-do-Ecuador-BRIEF-2202Av01.pdf\" class=\"uagb-infobox-link-wrap uagb-infbox__link-to-all\" target=\"_self\" aria-label=\"Infobox Link\" rel=\"noopener noreferrer\"><\/a><div class=\"uagb-infobox__content-wrap  uagb-infobox_cta-type-all uagb-infobox uagb-infobox-has-image uagb-infobox-icon-above-title uagb-infobox-image-valign-top uagb-infobox-enable-border-radius \"><div class=\"uagb-ifb-left-right-wrap\"><div class=\"uagb-ifb-content\"><div class=\"uagb-ifb-image-icon-content uagb-ifb-imgicon-wrap\"><div class=\"uagb-ifb-image\"><div class=\"uagb-ifb-image-content\"><img decoding=\"async\" class=\"uagb-ifb-img-src\" src=\"http:\/\/www.lctouroperator.com\/pt\/wp-content\/uploads\/2021\/11\/o-melhor-do-ecuador.jpg\" alt=\"\"\/><\/div><\/div><\/div><div class=\"uagb-ifb-separator-parent\"><div class=\"uagb-ifb-separator\"><\/div><\/div><div class=\"uagb-ifb-title-wrap\"><span class=\"uagb-ifb-title-prefix\"><strong>O melhor do Ecuador<\/strong><\/span><h4 class=\"uagb-ifb-title\"><strong>7 dias 6 noites \/ <\/strong>Ecuador<\/h4><\/div><div class=\"uagb-ifb-text-wrap\"><p class=\"uagb-ifb-desc\">Dias para viver intensamente na espl\u00eandida capital colonial: Quito e seus arredores tingidos pelos ponchos das numerosas etnias que comp\u00f5em a rica popula\u00e7\u00e3o local. Experi\u00eancias \u00fanicas na natureza espl\u00eandida em meio a vulc\u00f5es at\u00e9 as imperd\u00edveis Ilhas Gal\u00e1pagos.<\/p><div class=\"uagb-ifb-cta uagb-infobox-cta-link-style\"><\/div><\/div><\/div><\/div><\/div><\/div><\/div><\/div><\/div><\/section><section class=\"wp-block-uagb-columns uagb-columns__wrap uagb-columns__background-color uagb-columns__stack-mobile uagb-columns__valign-undefined uagb-columns__gap-10 alignundefined uagb-block-752de952\"><div class=\"uagb-columns__overlay\"><\/div><div class=\"uagb-columns__inner-wrap uagb-columns__columns-4\"><div class=\"wp-block-uagb-column uagb-column__wrap uagb-column__background-color uagb-block-2fdbf269\"><div class=\"uagb-column__overlay\"><\/div><div class=\"uagb-column__inner-wrap\"><div class=\"wp-block-uagb-info-box uagb-infobox__outer-wrap uagb-block-74d1a572\"><a href=\"http:\/\/www.lctouroperator.com\/pt\/wp-content\/uploads\/2022\/03\/Paixa\u0303o-pelo-trekking-BRIEF-2202Av01.pdf\" class=\"uagb-infobox-link-wrap uagb-infbox__link-to-all\" target=\"_blank\" aria-label=\"Infobox Link\" rel=\"noopener noreferrer\"><\/a><div class=\"uagb-infobox__content-wrap  uagb-infobox_cta-type-all uagb-infobox uagb-infobox-has-image uagb-infobox-icon-above-title uagb-infobox-image-valign-top uagb-infobox-enable-border-radius \"><div class=\"uagb-ifb-left-right-wrap\"><div class=\"uagb-ifb-content\"><div class=\"uagb-ifb-image-icon-content uagb-ifb-imgicon-wrap\"><div class=\"uagb-ifb-image\"><div class=\"uagb-ifb-image-content\"><img decoding=\"async\" class=\"uagb-ifb-img-src\" src=\"http:\/\/www.lctouroperator.com\/pt\/wp-content\/uploads\/2021\/11\/paixao-pelo-trekking.jpg\" alt=\"\"\/><\/div><\/div><\/div><div class=\"uagb-ifb-separator-parent\"><div class=\"uagb-ifb-separator\"><\/div><\/div><div class=\"uagb-ifb-title-wrap\"><span class=\"uagb-ifb-title-prefix\"><strong><strong>Paix\u00e3o pelo trekking<\/strong><\/strong><\/span><h4 class=\"uagb-ifb-title\"> <strong>9 dias 8 noites<\/strong> \/ Per\u00fa, Bolivia<\/h4><\/div><div class=\"uagb-ifb-text-wrap\"><p class=\"uagb-ifb-desc\">Uma viagem por paisagens impressionantes e cidades ainda ricas em tradi\u00e7\u00f5es pr\u00e9-colombianas. Rotas para descobrir no Per\u00fa e na Bol\u00edvia, trilhas inusitadas. Uma viagem para os amantes da natureza com uma boa prepara\u00e7\u00e3o para o trekking em altura: experi\u00eancias \u00fanicas rodeadas por uma natureza majestosa e intacta<\/p><div class=\"uagb-ifb-cta uagb-infobox-cta-link-style\"><\/div><\/div><\/div><\/div><\/div><\/div>\n\n<p><\/p><\/div><\/div>\n\n<div class=\"wp-block-uagb-column uagb-column__wrap uagb-column__background-color uagb-block-7f78e31d\"><div class=\"uagb-column__overlay\"><\/div><div class=\"uagb-column__inner-wrap\"><div class=\"wp-block-uagb-info-box uagb-infobox__outer-wrap uagb-block-0c3df826\"><a href=\"http:\/\/www.lctouroperator.com\/pt\/wp-content\/uploads\/2022\/03\/Peru-misterio-y-sabores-BRIEF-2202Av01.pdf\" class=\"uagb-infobox-link-wrap uagb-infbox__link-to-all\" target=\"_blank\" aria-label=\"Infobox Link\" rel=\"noopener noreferrer\"><\/a><div class=\"uagb-infobox__content-wrap  uagb-infobox_cta-type-all uagb-infobox uagb-infobox-has-image uagb-infobox-icon-above-title uagb-infobox-image-valign-top uagb-infobox-enable-border-radius \"><div class=\"uagb-ifb-left-right-wrap\"><div class=\"uagb-ifb-content\"><div class=\"uagb-ifb-image-icon-content uagb-ifb-imgicon-wrap\"><div class=\"uagb-ifb-image\"><div class=\"uagb-ifb-image-content\"><img decoding=\"async\" class=\"uagb-ifb-img-src\" src=\"http:\/\/www.lctouroperator.com\/pt\/wp-content\/uploads\/2021\/11\/peru-misterio-y-sabores.jpg\" alt=\"\"\/><\/div><\/div><\/div><div class=\"uagb-ifb-separator-parent\"><div class=\"uagb-ifb-separator\"><\/div><\/div><div class=\"uagb-ifb-title-wrap\"><span class=\"uagb-ifb-title-prefix\"><strong>Per\u00fa, mist\u00e9rios e sabores<\/strong><\/span><h4 class=\"uagb-ifb-title\"> <strong>9 dias 8 noites \/ Per\u00fa<\/strong><\/h4><\/div><div class=\"uagb-ifb-text-wrap\"><p class=\"uagb-ifb-desc\">Uma viagem que come\u00e7a no cora\u00e7\u00e3o do antigo imp\u00e9rio Inca, Cusco: uma sucess\u00e3o de experi\u00eancias que aos poucos v\u00e3o revelando os mist\u00e9rios e as riquezas desta grande civiliza\u00e7\u00e3o at\u00e9 chegar ao grande Machu Picchu. Visita ao Vale Sagrado dos Incas, o Vale do Urubamba, de onde as incr\u00edveis variedades de batatas, vegetais, cereais, flores comest\u00edveis e diversos ingredientes que comp\u00f5em a arte culin\u00e1ria peruana em perfeita harmonia, considerada a mais rica e variada da Latino Am\u00e9rica. Depois um mergulho na natureza e um pouco mais de mist\u00e9rio: as famosas lineas de Nazca , a Ilha Ballestas em paracas at\u00e9 a cidade dos reis: Lima<\/p><div class=\"uagb-ifb-cta uagb-infobox-cta-link-style\"><\/div><\/div><\/div><\/div><\/div><\/div>\n\n<p><\/p><\/div><\/div>\n\n<div class=\"wp-block-uagb-column uagb-column__wrap uagb-column__background-color uagb-block-727f4511\"><div class=\"uagb-column__overlay\"><\/div><div class=\"uagb-column__inner-wrap\"><div class=\"wp-block-uagb-info-box uagb-infobox__outer-wrap uagb-block-0747da81\"><a href=\"http:\/\/www.lctouroperator.com\/pt\/wp-content\/uploads\/2021\/11\/trekking-no-miitico-fitz-roy.pdf\" class=\"uagb-infobox-link-wrap uagb-infbox__link-to-all\" target=\"_blank\" aria-label=\"Infobox Link\" rel=\"noopener noreferrer\"><\/a><div class=\"uagb-infobox__content-wrap  uagb-infobox_cta-type-all uagb-infobox uagb-infobox-has-image uagb-infobox-icon-above-title uagb-infobox-image-valign-top uagb-infobox-enable-border-radius \"><div class=\"uagb-ifb-left-right-wrap\"><div class=\"uagb-ifb-content\"><div class=\"uagb-ifb-image-icon-content uagb-ifb-imgicon-wrap\"><div class=\"uagb-ifb-image\"><div class=\"uagb-ifb-image-content\"><img decoding=\"async\" class=\"uagb-ifb-img-src\" src=\"http:\/\/www.lctouroperator.com\/pt\/wp-content\/uploads\/2021\/11\/trekking-no-miitico-fitz-roy.jpg\" alt=\"\"\/><\/div><\/div><\/div><div class=\"uagb-ifb-separator-parent\"><div class=\"uagb-ifb-separator\"><\/div><\/div><div class=\"uagb-ifb-title-wrap\"><span class=\"uagb-ifb-title-prefix\"><strong>Trekking no m\u00edtico Fitz Roy<\/strong><\/span><h4 class=\"uagb-ifb-title\"> <strong>5 dias 4 noites \/ <\/strong>Argentina<\/h4><\/div><div class=\"uagb-ifb-text-wrap\"><p class=\"uagb-ifb-desc\">Exclusivo para os amantes da montanha, a meca dos grandes escaladores: Fitz Roy. Acampe sob o c\u00e9u estrelado, desafiando o frio e o vento e contemple a imensid\u00e3o do cosmos na \u201cColina Sagrada\u201d dos abor\u00edgenes do sul. Proposta imperd\u00edvel de uma montanha m\u00edtica \u00e0 cosmopolita Buenos Aires.<\/p><div class=\"uagb-ifb-cta uagb-infobox-cta-link-style\"><\/div><\/div><\/div><\/div><\/div><\/div>\n\n<p><\/p><\/div><\/div>\n\n<div class=\"wp-block-uagb-column uagb-column__wrap uagb-column__background-color uagb-block-82a00253\"><div class=\"uagb-column__overlay\"><\/div><div class=\"uagb-column__inner-wrap\"><\/div><\/div><\/div><\/section>","protected":false},"excerpt":{"rendered":"","protected":false},"author":1,"featured_media":0,"parent":0,"menu_order":0,"comment_status":"closed","ping_status":"closed","template":"","meta":{"_editorskit_title_hidden":false,"_editorskit_reading_time":3,"_editorskit_is_block_options_detached":false,"_editorskit_block_options_position":"{}","_uag_custom_page_level_css":"","site-sidebar-layout":"default","site-content-layout":"page-builder","ast-site-content-layout":"","site-content-style":"default","site-sidebar-style":"default","ast-global-header-display":"","ast-banner-title-visibility":"","ast-main-header-display":"","ast-hfb-above-header-display":"","ast-hfb-below-header-display":"","ast-hfb-mobile-header-display":"","site-post-title":"disabled","ast-breadcrumbs-content":"disabled","ast-featured-img":"","footer-sml-layout":"","theme-transparent-header-meta":"default","adv-header-id-meta":"","stick-header-meta":"","header-above-stick-meta":"","header-main-stick-meta":"","header-below-stick-meta":"","astra-migrate-meta-layouts":"default","ast-page-background-enabled":"default","ast-page-background-meta":{"desktop":{"background-color":"","background-image":"","background-repeat":"repeat","background-position":"center center","background-size":"auto","background-attachment":"scroll","background-type":"","background-media":"","overlay-type":"","overlay-color":"","overlay-opacity":"","overlay-gradient":""},"tablet":{"background-color":"","background-image":"","background-repeat":"repeat","background-position":"center center","background-size":"auto","background-attachment":"scroll","background-type":"","background-media":"","overlay-type":"","overlay-color":"","overlay-opacity":"","overlay-gradient":""},"mobile":{"background-color":"","background-image":"","background-repeat":"repeat","background-position":"center center","background-size":"auto","background-attachment":"scroll","background-type":"","background-media":"","overlay-type":"","overlay-color":"","overlay-opacity":"","overlay-gradient":""}},"ast-content-background-meta":{"desktop":{"background-color":"var(--ast-global-color-5)","background-image":"","background-repeat":"repeat","background-position":"center center","background-size":"auto","background-attachment":"scroll","background-type":"","background-media":"","overlay-type":"","overlay-color":"","overlay-opacity":"","overlay-gradient":""},"tablet":{"background-color":"var(--ast-global-color-5)","background-image":"","background-repeat":"repeat","background-position":"center center","background-size":"auto","background-attachment":"scroll","background-type":"","background-media":"","overlay-type":"","overlay-color":"","overlay-opacity":"","overlay-gradient":""},"mobile":{"background-color":"var(--ast-global-color-5)","background-image":"","background-repeat":"repeat","background-position":"center center","background-size":"auto","background-attachment":"scroll","background-type":"","background-media":"","overlay-type":"","overlay-color":"","overlay-opacity":"","overlay-gradient":""}},"footnotes":""},"class_list":["post-1487","page","type-page","status-publish","hentry"],"uagb_featured_image_src":{"full":false,"thumbnail":false,"medium":false,"medium_large":false,"large":false,"1536x1536":false,"2048x2048":false,"woocommerce_thumbnail":false,"woocommerce_single":false,"woocommerce_gallery_thumbnail":false},"uagb_author_info":{"display_name":"webmaster17","author_link":"https:\/\/www.lctouroperator.com\/pt\/author\/webmaster17\/"},"uagb_comment_info":0,"uagb_excerpt":null,"_links":{"self":[{"href":"https:\/\/www.lctouroperator.com\/pt\/wp-json\/wp\/v2\/pages\/1487","targetHints":{"allow":["GET"]}}],"collection":[{"href":"https:\/\/www.lctouroperator.com\/pt\/wp-json\/wp\/v2\/pages"}],"about":[{"href":"https:\/\/www.lctouroperator.com\/pt\/wp-json\/wp\/v2\/types\/page"}],"author":[{"embeddable":true,"href":"https:\/\/www.lctouroperator.com\/pt\/wp-json\/wp\/v2\/users\/1"}],"replies":[{"embeddable":true,"href":"https:\/\/www.lctouroperator.com\/pt\/wp-json\/wp\/v2\/comments?post=1487"}],"version-history":[{"count":72,"href":"https:\/\/www.lctouroperator.com\/pt\/wp-json\/wp\/v2\/pages\/1487\/revisions"}],"predecessor-version":[{"id":1817,"href":"https:\/\/www.lctouroperator.com\/pt\/wp-json\/wp\/v2\/pages\/1487\/revisions\/1817"}],"wp:attachment":[{"href":"https:\/\/www.lctouroperator.com\/pt\/wp-json\/wp\/v2\/media?parent=1487"}],"curies":[{"name":"wp","href":"https:\/\/api.w.org\/{rel}","templated":true}]}}