{"id":2095,"date":"2017-05-31T15:23:02","date_gmt":"2017-05-31T18:23:02","guid":{"rendered":"http:\/\/www.lctouroperator.com\/it\/prog\/scoprendo-la-cultura-e-la-fede-in-america-latina\/"},"modified":"2021-04-16T10:16:39","modified_gmt":"2021-04-16T13:16:39","slug":"scoprendo-la-cultura-e-la-fede-in-america-latina","status":"publish","type":"product","link":"https:\/\/www.lctouroperator.com\/it\/producto\/scoprendo-la-cultura-e-la-fede-in-america-latina\/","title":{"rendered":"Scoprendo la Cultura e la Fede in America Latina"},"content":{"rendered":"<p><!--:es--><\/p>\n<div class=\"row\">\n<div class=\"nine columns\">\n<div id=\"tw-target-text-container\" class=\"tw-ta-container tw-nfl\">\n<div class=\"nine columns\">\n<div id=\"tw-target-text-container\" class=\"tw-ta-container tw-nfl\">\n<h2 class=\"tw-data-text tw-ta tw-text-small\" data-placeholder=\"Translation\">Ecuador &amp; Colombia<\/h2>\n<h2 class=\"tw-data-text tw-ta tw-text-small\" data-placeholder=\"Translation\">Un combinato tra due paesi affascinanti e incredibilmente diversi soprattutto nel manifestarsi della gente mite e dall&#8217;espressione, posata da un lato e esplosiva ed allegra dall&#8217;altra. Ciascuno a loro modo sprizzano voglia di vivere, creativit\u00e0, passione per la propria cultura che trasmettono attraverso i coloriti mercati, la danza, la gastronomia e una religiosit\u00e0 alimentata da grandi opere di artisti ed esperienze di miracoli tramandati nei secoli.<\/h2>\n<\/div>\n<\/div>\n<h2 id=\"tw-target-text\" class=\"tw-data-text tw-ta tw-text-small\" data-placeholder=\"Translation\"><span style=\"color: #ff6600\">Programma<\/span><\/h2>\n<\/div>\n<\/div>\n<table style=\"height: 2496px\">\n<tbody>\n<tr style=\"height: auto\">\n<td style=\"background-color: #ababab;height: auto\"><span style=\"color: #000000\"><span style=\"color: #ff6600\">\u27a4<\/span>Giorno 1:\u00a0 Quito (2.800 m. slm)<\/span><\/td>\n<\/tr>\n<tr class=\"alt\" style=\"height: auto\">\n<td style=\"height: auto\">Arrivo alla citt\u00e0 coloniale pi\u00f9 bella del Sud America: circondata di vulcani e montagne colorate dalle molteplici case sui pendii. Trasferimento in hotel. Tempo per riposarsi dal viaggio. Cena di benvenuto.<\/td>\n<\/tr>\n<tr style=\"height: auto\">\n<td style=\"background-color: #ababab;height: auto\"><span style=\"color: #000000\"><span style=\"color: #ff6600\">\u27a4<\/span>Giorno 2: Centro Storico \u2013 Mitad del Mundo<\/span><\/td>\n<\/tr>\n<tr class=\"alt\" style=\"height: auto\">\n<td style=\"height: auto\">Prima colazione. Giornata dedicata alla visita guidata di questa splendida citt\u00e0 che oltre ad essere la capitale del paese, il suo centro storico &#8211; patrimonio culturale dell&#8217;Umanit\u00e0- \u00e8 una \u201cmostra\u201d permanente del passato coloniale \u00a0arricchita di splendide opere d\u2019arte. E\u2019 inoltre la citt\u00e0 coloniale conservata quasi intatta, mostrando cos\u00ec il suo stile barocco in tutto il suo splendore. Visita alla Piazza dell\u2019 Indipendenza o Praza Grande circondata di bellissimi palazzi nonch\u00e9 la Cattedrale metropolitana. Visita alla splendida chiesa della Compagnia di Ges\u00f9, considerata un gioiello dell\u2019arte barocco ibero-americano. Visita alla chiesa-monastero Concepci\u00f3n. Pranzo en el Pasaje Espejo, vicino al Teatro Bol\u00edvar.\u00a0 Visita al posto considerato \u201cla mitad del Mundo\u201d \u00a0la latitud 0\u00b00\u201900\u2019\u2019(secondo una spedizione francese del secolo XXVIII). Visita facoltativa al Museo Capilla del Monte e al Museo dell\u2019Acqua.\u00a0 Tempo libero. Cena.<\/td>\n<\/tr>\n<tr style=\"height: auto\">\n<td style=\"background-color: #ababab;height: auto\"><span style=\"color: #000000\"><span style=\"color: #ff6600\">\u27a4<\/span>Giorno 3: Panecillo \u2013 La Ronda<\/span><\/td>\n<\/tr>\n<tr class=\"alt\" style=\"height: auto\">\n<td style=\"height: auto\">Prima colazione. Partenza per Panecillo per visitare la Madonna di Quito di 45 mt. di altezza e da dove si potr\u00e0 osservare una splendida veduta panoramica su Quito. Continuazione della visita della citt\u00e0: Plaza de San Francisco, considerata la \u201cEscorial\u201d del nuovo mondo e \u00a0alla Basilica del Voto Nacional, in stile neo-gotico pi\u00f9 importante di America Latina. Pranzo sulla strada centrica La Ronda, epicentro dell\u2019arte \u201cquitegno\u201d. Resto della giornata a disposizione.<\/td>\n<\/tr>\n<tr style=\"height: auto\">\n<td style=\"background-color: #ababab;height: auto\"><span style=\"color: #000000\"><span style=\"color: #ff6600\">\u27a4<\/span>Giorno 4: Otavalo \u2013\u00a0 Tulcan &#8211; Las Lajas (Colombia)<\/span><\/td>\n<\/tr>\n<tr class=\"alt\" style=\"height: auto\">\n<td style=\"height: auto\">Prima colazione. Ben presto partenza per la Colombia, visitando nel trascorso del viaggio il paese indigena di Otavalo col caratteristico mercato che si\u00a0 tiene ogni sabato: un festival di prodotti tipici dell&#8217;artigianato locale, ponchos, coperte, arazzi, cappelli ma la realt\u00e0 che attira oltre ai prodotti esposti e\u2019 la variopinta cultura locale che si manifesta \u00a0in tutta la sua caratteristica semplicit\u00e0: una popolazione ind\u00edgena de los otavalos o Kichwa. Pranzo in corso del viaggio. Continuazioni per Tulc\u00e1n<i>\u00a0il luogo dove \u00e8 bello anche morire<\/i>: visita all&#8217;originale cimitero che \u00e8 addobbato con disegni allegorici pre-ispanici \u00a0realizzate con piante ed alberi tipici. Tempo per le pratiche doganali e arrivo in Colombia. Superato il centro di Ipiales che sempre pi\u00f9 \u00e8 colma del turismo di compere, grazie ai bassi costi per gli ecuadoriani, \u00a0visita al Santuario neo-gotico di Nostra Signora de Las Lajas, situato nel canyon sul fiume Guaitara. Tempo per celebrare l\u2019 Eucarestia. Continuazione del viaggio verso Pasto. Cena e pernottamento.<\/td>\n<\/tr>\n<tr style=\"height: auto\">\n<td style=\"background-color: #ababab;height: auto\"><span style=\"color: #000000\"><span style=\"color: #ff6600\">\u27a4<\/span>Giorno 5: Pasto \u2013 Popayan (250 chilometri)<\/span><\/td>\n<\/tr>\n<tr class=\"alt\" style=\"height: auto\">\n<td style=\"height: auto\">Prima colazione. Partenza per Popayan, ca. 5 ore di viaggio.\u00a0 \u00a0All&#8217;arrivo tour panoramico di questa citt\u00e0 meritatamente famosa per le facciate in bianco gesso delle sue case che le sono valse il soprannome di \u201cCiudad Blanca\u201d. Passeggiando si potranno ammirare le animate stradine con gli importanti palazzi signorili, le chiese, le piazze di questa citt\u00e0 coloniale tra le pi\u00f9 belle in Colombia. Imperdibile visita al museo di arte barocca . Al termine sistemazione in albergo. Cena libera e pernottamento.<\/td>\n<\/tr>\n<tr style=\"height: auto\">\n<td style=\"background-color: #ababab;height: auto\"><span style=\"color: #000000\"><span style=\"color: #ff6600\">\u27a4<\/span>Giorno 6: Se\u00f1or de los Milagros: Guadalajara di Buga &#8211; Santiago de Cali<\/span><\/td>\n<\/tr>\n<tr class=\"alt\" style=\"height: auto\">\n<td style=\"height: auto\">Prima colazione.\u00a0 Visita a Guadalajara de Buga,\u00a0 cittadina patrimonio culturale dell&#8217;Umanit\u00e0, con fermata al colle di Cristo Rey, sulla Valle del Cauca proseguendo per il percorso naturalistico Ruta del Sur.\u00a0 Tour panoramico e visita alla Basilica del Se\u00f1or de los Milagros. Tempo libero per il pranzo. Rientro e visita panoramica della capitale della Salsa colombiana, Cali, che \u00e8 inoltre la seconda citt\u00e0 pi\u00f9 antica della Colombia (1.536). Visita alla Chiesa della Merc\u00e8, la pi\u00f9 antica della citt\u00e0 cos\u00ec come il museo dello stesso nome. Sistemazione in hotel. Tempo e cena libera. Importante: se questo giorno capita di marted\u00ec sar\u00e0 possibile una breve visita al mercato di Silvia della comunit\u00e0 indigena Guambianos.<\/td>\n<\/tr>\n<tr style=\"height: auto\">\n<td style=\"background-color: #ababab;height: auto\"><span style=\"color: #000000\"><span style=\"color: #ff6600\">\u27a4<\/span>Giorno 7: Cali \u2013 Bogot\u00e1 (2.630 m. slm)<\/span><\/td>\n<\/tr>\n<tr class=\"alt\" style=\"height: auto\">\n<td style=\"height: auto\">Prima colazione. Partenza all&#8217;aeroporto per continuare il viaggio verso la capitale della Colombia: Bogot\u00e1. Arrivo e visita panoramica della citt\u00e0 durante il trasferimento in hotel. Al primo pomeriggio visita al centro storico: Bogot\u00e1 \u00e8 situata a 2.600 metri sul livello del mare su un vasto altopiano delle Ande e ha ca. otto milioni di abitanti. Dichiarata Capitale Mondiale del Libro dall&#8217;Unesco, \u00e8 una citt\u00e0 di mostre permanenti di arte di tutte le epoche. All&#8217;arrivo trasferimento in hotel. Tempo e cena libera.<\/td>\n<\/tr>\n<tr style=\"height: auto\">\n<td style=\"background-color: #ababab;height: auto\"><span style=\"color: #000000\"><span style=\"color: #ff6600\">\u27a4<\/span>Giorno 8: Bogota: Candelaria \u2013 Museo dell&#8217;oro<\/span><\/td>\n<\/tr>\n<tr class=\"alt\" style=\"height: auto\">\n<td style=\"height: auto\">Prima colazione. Mattinata dedicata dedicata a Bogot\u00e1, il cuore pulsante della Colombia, una capitale coinvolgente e vivace, circondata dalle vette andine e pervasa da un&#8217;atmosfera vivace. Walking tour per la <em>Candelaria<\/em>, il centro storico della citt\u00e0, che riunisce un insieme di antichi quartieri che contengono un importante patrimonio architettonico. Sosta per ammirare la rinomata Plaza Bolivar al centro della quale si trovano la statua del Libertador, la Capilla del Sagrario, in stile barocco, il Capitolio, edificio neoclassico sede del Parlamento, L&#8217;Alcaldia Mayor. Visita al museo dell&#8217;Oro, considerata, nel suo genere, la collezione di oggetti in oro pi\u00f9 importante al mondo\u00a0 che raccoglie ca. 34.000 pezzi di oggetti in oro e 20.000 pezzi di oggetti in pietra, ceramica, tessile e di pietre preziose appartenenti a differenti culture come quelle Quimbaya, Tayrona, Sinu, Muisca, Tolima, Calima.\u00a0 \u00a0In seguito sar\u00e0 possibile salire fino al Cerro Monserrat, simbolo di Bogot\u00e1, su cui si trova il Santuario del Se\u00f1or Ca\u00eddo ed \u00e8 possibile ammirare una meravigliosa vista. Pernottamento.<\/td>\n<\/tr>\n<tr style=\"height: auto\">\n<td style=\"background-color: #ababab;height: auto\"><span style=\"color: #000000\"><span style=\"color: #ff6600\">\u27a4<\/span>Giorno 9: Zipaquir\u00e1 &#8211; Villa de Leyva &#8211; Monasterio Ecce-Homo<\/span><\/td>\n<\/tr>\n<tr class=\"alt\" style=\"height: auto\">\n<td style=\"height: auto\">Prima colazione. Partenza per Zipaquir\u00e1: visita alla Cattedrale del Sale. Un\u2019antica miniera di sale oggi \u00e8 stata trasformata in una imponente cattedrale sotterranea inoltre, lungo i cunicoli che portano alla Cupola, ospita per intero le quattordici stazioni della Via Crucis. Infine si arriva alle tre navate del Duomo che rappresentano la nascita, la vita e la morte di Cristo. Nella navata centrale \u00e8 l&#8217;altare maggiore, sopra il quale si trova l&#8217;enorme croce alta 16 m in altezza realizzata dall&#8217;artista colombiano Carlos Enrique Rodriguez. Se la visita si realizza in privato proseguimento verso Villa de Leyva (146 chilometri) per una visita all&#8217;antica cittadina dove il tutto si trova praticamente nella piazza centrale di originale architettura. Rientro a Bogot\u00e0 in serata. Pernottamento.<\/td>\n<\/tr>\n<tr style=\"height: auto\">\n<td style=\"background-color: #ababab;height: auto\"><span style=\"color: #000000\"><span style=\"color: #ff6600\">\u27a4<\/span>Giorno 10: Partenza per Cartagena<\/span><\/td>\n<\/tr>\n<tr class=\"alt\" style=\"height: auto\">\n<td style=\"height: auto\">Prima colazione. In orario da indicare trasferimento all&#8217;aeroporto per continuare viaggio verso la citt\u00e0 regina della costa caraibica della Colombia: Cartagena. All&#8217;arrivo tour panoramico nel cui percorso si potr\u00e0 apprezzare Bocagrande, il molo De los Pegasos, los Zapatos Viejos, Castillo de San Felipe, Convento de la Candelaria (Cerro de la Popa), India Catalina e il recinto della Citt\u00e0 Murata. Arrivo in hotel. Sistemazione nelle camere riservata. Tempo e cena libera.<\/td>\n<\/tr>\n<tr style=\"height: auto\">\n<td style=\"background-color: #ababab;height: auto\"><span style=\"color: #000000\"><span style=\"color: #ff6600\">\u27a4<\/span>Giorno 11: Cartagena<\/span><\/td>\n<\/tr>\n<tr class=\"alt\" style=\"height: auto\">\n<td style=\"height: auto\">Colazione. Giornata a disposizione per una visita libera della centro storico dentro la citt\u00e0 murata dove si trovano i quartieri di El Centro, un tempo abitato dai membri della classe agiata, e San Diego, dove viveva il ceto medio. Entrambi i quartieri sono ricchi di testimonianze perfettamente conservate dell&#8217;epoca coloniale, tra cui chiese, monasteri, piazze, palazzi e residenze signorili abbellite da balconi e patios ombreggianti e traboccanti di fiori dai colori intensi.. Luoghi d&#8217;interesse: Convento e Iglesia de San Pedro Claver, fondato dai Gesuiti nella prima met\u00e0 del XVII secolo e che ospit\u00f2 il monaco Pedro Claver, chiamato l&#8217;Apostolo dei Neri, primo santo del Nuovo Mondo canonizzato nel 1888, Museo dell\u2019Oro, Palacio de la Inquisicion, uno degli edifici storici pi\u00f9 eleganti della citt\u00e0 che in passato ospitava al suo interno la sede dell&#8217;Inquisizione, Iglesia de Santo Domingo, l&#8217;edificio sacro pi\u00f9 antico della citt\u00e0. Bello anche il quartiere Getsemani subito fuori le mura ma facente parte del centro storico. Pernottamento.<\/td>\n<\/tr>\n<tr style=\"height: auto\">\n<td style=\"background-color: #ababab;height: auto\"><span style=\"color: #000000\"><span style=\"color: #ff6600\">\u27a4<\/span>Giorno 12: Isla del Rosario<\/span><\/td>\n<\/tr>\n<tr class=\"alt\" style=\"height: auto\">\n<td style=\"height: auto\">Prima colazione. Intera giornata di visita all&#8217;Isola Rosario in imbarcazioni confortevoli e moderne, dotate di sistema di sicurezza in mare. Fermata di 30 minuti sull\u2019 Isola di San Mart\u00edn, per scoprire l&#8217;Acquario. Tempo libero nell\u2019 Isola. Pranzo a base di pesce. A met\u00e0 pomeriggio rientro a Bogot\u00e0. Tempo libero. Cena di arrivederci.<\/td>\n<\/tr>\n<tr style=\"height: auto\">\n<td style=\"background-color: #ababab;height: auto\"><span style=\"color: #000000\"><span style=\"color: #ff6600\">\u27a4<\/span>Giorno 13: Cartagena \u2013 Italia<\/span><\/td>\n<\/tr>\n<tr class=\"alt\" style=\"height: auto\">\n<td style=\"height: auto\">Prima colazione. In orario da definire trasferimento all&#8217;aeroporto per iniziare il viaggio di rientro in Italia.<\/td>\n<\/tr>\n<\/tbody>\n<\/table>\n<\/div>\n","protected":false},"excerpt":{"rendered":"<p>Ecuador \/ Colombia<br \/>\n13 giorni \/ 12 notti<\/p>\n","protected":false},"featured_media":2994,"comment_status":"closed","ping_status":"closed","template":"","meta":{"dwc-title":[""],"dwc-content":["<img class=\"size-full wp-image-3016 aligncenter\" src=\"http:\/\/www.lctouroperator.com\/it\/wp-content\/uploads\/2017\/05\/Colombia-M7-2012Gv01.jpg\" alt=\"\" width=\"274\" height=\"420\" \/>"]},"product_cat":[21],"product_tag":[],"class_list":{"0":"post-2095","1":"product","2":"type-product","3":"status-publish","4":"has-post-thumbnail","6":"product_cat-gruppi","8":"first","9":"instock","10":"shipping-taxable","11":"product-type-simple"},"_links":{"self":[{"href":"https:\/\/www.lctouroperator.com\/it\/wp-json\/wp\/v2\/product\/2095"}],"collection":[{"href":"https:\/\/www.lctouroperator.com\/it\/wp-json\/wp\/v2\/product"}],"about":[{"href":"https:\/\/www.lctouroperator.com\/it\/wp-json\/wp\/v2\/types\/product"}],"replies":[{"embeddable":true,"href":"https:\/\/www.lctouroperator.com\/it\/wp-json\/wp\/v2\/comments?post=2095"}],"wp:featuredmedia":[{"embeddable":true,"href":"https:\/\/www.lctouroperator.com\/it\/wp-json\/wp\/v2\/media\/2994"}],"wp:attachment":[{"href":"https:\/\/www.lctouroperator.com\/it\/wp-json\/wp\/v2\/media?parent=2095"}],"wp:term":[{"taxonomy":"product_cat","embeddable":true,"href":"https:\/\/www.lctouroperator.com\/it\/wp-json\/wp\/v2\/product_cat?post=2095"},{"taxonomy":"product_tag","embeddable":true,"href":"https:\/\/www.lctouroperator.com\/it\/wp-json\/wp\/v2\/product_tag?post=2095"}],"curies":[{"name":"wp","href":"https:\/\/api.w.org\/{rel}","templated":true}]}}